{"id":36,"date":"2020-04-01T13:58:08","date_gmt":"2020-04-01T11:58:08","guid":{"rendered":"http:\/\/hopital-de-campagne.com\/?page_id=36"},"modified":"2022-03-04T17:24:24","modified_gmt":"2022-03-04T16:24:24","slug":"participez-a-notre-chaine-mondiale-de-prieres","status":"publish","type":"page","link":"https:\/\/hopital-de-campagne.com\/index.php\/participez-a-notre-chaine-mondiale-de-prieres\/","title":{"rendered":"Participez \u00e0 notre Cha\u00eene Mondiale de Pri\u00e8res"},"content":{"rendered":"\n<p>To access the English version of this page, please click <a href=\"https:\/\/hopital-de-campagne.com\/en\/index.php\/participez-a-notre-chaine-mondiale-de-prieres\/\">here<\/a>.<\/p>\n\n\n\n<p class=\"has-text-align-center\"><strong>Nous avons besoin de vous<\/strong><\/p>\n\n\n\n<p>Nous avons besoin de vos pri\u00e8res et de\nvotre aide spirituelle. <\/p>\n\n\n\n<p>Pour\nsoutenir les actions de notre Association Humanitaire Internationale\nCatholique, nous avons cr\u00e9\u00e9 une \u00ab&nbsp;Cha\u00eene de Pri\u00e8res Mondiale&nbsp;\u00bb entre\ntous nos membres. <\/p>\n\n\n\n<p class=\"has-text-align-center\"><strong>Venez rejoindre notre Cha\u00eene de Pri\u00e8res Mondiale<\/strong> <\/p>\n\n\n\n<p>Chaque membre s\u2019engage \u00e0 prier chaque premier vendredi de chaque mois \u00e0 15 heures, cr\u00e9ant ainsi une cha\u00eene de pri\u00e8re mondiale tournante autour du Monde sur 24 heures gr\u00e2ce au d\u00e9calage horaire de tous les pays du monde. <\/p>\n\n\n\n<p class=\"has-text-align-center\"><strong><em>La Pri\u00e8re\ndes Membres <\/em><\/strong><\/p>\n\n\n\n<p class=\"has-text-align-center\"><strong><em>De\nl\u2019Association H\u00f4pital de Campagne<\/em><\/strong><\/p>\n\n\n\n<p>Seigneur\nJ\u00e9sus-Christ, Sauveur du monde,<\/p>\n\n\n\n<p>Vous\nqui avez gu\u00e9ri tant de malades<\/p>\n\n\n\n<p>Durant Votre vie sur terre parmi nous,<\/p>\n\n\n\n<p>Je confie \u00e0 Votre Sagesse,<\/p>\n\n\n\n<p>La construction de nos H\u00f4pitaux de Campagne<\/p>\n\n\n\n<p>Et les soins de nos malades,<\/p>\n\n\n\n<p>Mettez la Joie dans leurs c\u0153urs,<\/p>\n\n\n\n<p>Apportez-leur la gu\u00e9rison<\/p>\n\n\n\n<p>Par Votre Sainte Eucharistie,<\/p>\n\n\n\n<p>Que\nVotre toute puissante Mis\u00e9ricorde compl\u00e8te<\/p>\n\n\n\n<p>Tout\nce que je ne puis r\u00e9aliser par moi-m\u00eame<\/p>\n\n\n\n<p>Du\nfait de ma faiblesse,<\/p>\n\n\n\n<p>Je Vous supplie humblement de m\u2019exaucer<\/p>\n\n\n\n<p>Par l\u2019intercession de<\/p>\n\n\n\n<p>Notre Dame de Lourdes<\/p>\n\n\n\n<p>Qui porte en son C\u0153ur Immacul\u00e9<\/p>\n\n\n\n<p>Toutes\nnos pri\u00e8res,<\/p>\n\n\n\n<p>Du Glorieux Saint Joseph,<\/p>\n\n\n\n<p>De Saint Michel Archange<\/p>\n\n\n\n<p>Et de tous les Saints et les Bienheureux,<\/p>\n\n\n\n<p>Que la Gloire de Votre Eglise<\/p>\n\n\n\n<p>Resplendisse sur Terre<\/p>\n\n\n\n<p>Et dans les Cieux<\/p>\n\n\n\n<p>Venez Seigneur\nJ\u00e9sus-Christ<\/p>\n\n\n\n<p>Amen<\/p>\n\n\n\n<p class=\"has-text-align-center\"><strong>Envoyez-nous vos\nintentions de pri\u00e8res<\/strong><\/p>\n\n\n\n<p>Toutes vos pri\u00e8res, celles qui soutiennent notre Association, ainsi que celles pour vos intentions personnelles et pour les personnes que vous aidez spirituellement, seront d\u00e9pos\u00e9es \u00e0 la Grotte de Lourdes aux pieds de Notre Dame. <\/p>\n\n\n\n<p class=\"has-black-color has-text-color\">Pour vos intentions de pri\u00e8res, <strong><a href=\"mailto:hopital.de.campagne@gmail.com\">CLIQUEZ&nbsp; ICI<\/a><\/strong> , nous les porterons au pieds de Notre Dame de Lourdes \u00e0 la Grotte.<\/p>\n","protected":false},"excerpt":{"rendered":"<p>To access the English version of this page, please click here. Nous avons besoin de vous Nous avons besoin de vos pri\u00e8res et de votre aide spirituelle. Pour soutenir les actions de notre Association Humanitaire Internationale Catholique, nous avons cr\u00e9\u00e9 <a class=\"more-link\" href=\"https:\/\/hopital-de-campagne.com\/index.php\/participez-a-notre-chaine-mondiale-de-prieres\/\">Continuer la lecture <span class=\"screen-reader-text\">  Participez \u00e0 notre Cha\u00eene Mondiale de Pri\u00e8res<\/span><span class=\"meta-nav\">&rarr;<\/span><\/a><\/p>\n","protected":false},"author":1,"featured_media":0,"parent":0,"menu_order":0,"comment_status":"closed","ping_status":"closed","template":"","meta":{"footnotes":""},"_links":{"self":[{"href":"https:\/\/hopital-de-campagne.com\/index.php\/wp-json\/wp\/v2\/pages\/36"}],"collection":[{"href":"https:\/\/hopital-de-campagne.com\/index.php\/wp-json\/wp\/v2\/pages"}],"about":[{"href":"https:\/\/hopital-de-campagne.com\/index.php\/wp-json\/wp\/v2\/types\/page"}],"author":[{"embeddable":true,"href":"https:\/\/hopital-de-campagne.com\/index.php\/wp-json\/wp\/v2\/users\/1"}],"replies":[{"embeddable":true,"href":"https:\/\/hopital-de-campagne.com\/index.php\/wp-json\/wp\/v2\/comments?post=36"}],"version-history":[{"count":21,"href":"https:\/\/hopital-de-campagne.com\/index.php\/wp-json\/wp\/v2\/pages\/36\/revisions"}],"predecessor-version":[{"id":761693,"href":"https:\/\/hopital-de-campagne.com\/index.php\/wp-json\/wp\/v2\/pages\/36\/revisions\/761693"}],"wp:attachment":[{"href":"https:\/\/hopital-de-campagne.com\/index.php\/wp-json\/wp\/v2\/media?parent=36"}],"curies":[{"name":"wp","href":"https:\/\/api.w.org\/{rel}","templated":true}]}}